{"id":20512,"date":"2023-08-09T16:30:19","date_gmt":"2023-08-09T14:30:19","guid":{"rendered":"https:\/\/frajt.cz\/product\/sklenena-sprchova-zastenaglass-s912\/"},"modified":"2024-04-25T23:56:42","modified_gmt":"2024-04-25T21:56:42","slug":"duschwand-aus-glas-glass-s912","status":"publish","type":"product","link":"https:\/\/frajt.cz\/de\/produkt\/duschwand-aus-glas-glass-s912\/","title":{"rendered":"Duschwand aus Glas Glass S912"},"content":{"rendered":"<p>[vc_row][vc_column width=&#8221;1\/2&#8243;][vc_column_text]Die Dusche besteht aus geh\u00e4rtetem Sicherheitsglas mit Keramikdruck. Farbgestaltung passend zum Thema \u2013 halbtransparenter wei\u00dfer Druck, Farb\u00fcberg\u00e4nge in der Fl\u00e4che, grafische Farbl\u00f6sungen mit mehreren Farben sind m\u00f6glich.<\/p>\n<p>8 mm dickes Glas<\/p>\n<p>Chromzubeh\u00f6r &#8211; Windleiste, Scharniere, Griff<\/p>\n<p>Standardh\u00f6he 1950 mm[\/vc_column_text][\/vc_column][vc_column width=&#8221;1\/2&#8243;][vc_tta_accordion][vc_tta_section title=&#8221;Individuelle Anpassungen&#8221; tab_id=&#8221;1674147891462-1b8df229-bc36&#8243;][vc_column_text]<\/p>\n<ul>\n<li>erh\u00f6hte H\u00f6he 2000 mm, 2100 mm<\/li>\n<li>Farbgestaltung des Zubeh\u00f6rs<\/li>\n<li>Profil zum Einbetten in Fliesen<\/li>\n<li>L\u00f6cher zur Befestigung von Seifenst\u00fccken<\/li>\n<\/ul>\n<p>[\/vc_column_text][\/vc_tta_section][vc_tta_section title=&#8221;Typisierte Module&#8221; tab_id=&#8221;1674147891473-0e4d2220-6f06&#8243;][vc_column_text]<\/p>\n<table width=\"602\">\n<tbody>\n<tr>\n<td width=\"132\">typ<\/td>\n<td width=\"95\">Dicke\/mm\/<\/td>\n<td width=\"84\">Breite \/mm\/<\/td>\n<td width=\"98\">Tiefe \/mm\/<\/td>\n<td width=\"73\">H\u00f6he \/mm\/<\/td>\n<td width=\"120\">Gewicht \/kg\/<\/td>\n<\/tr>\n<tr>\n<td width=\"132\">S912_100\/100<\/td>\n<td width=\"95\">8<\/td>\n<td width=\"84\">1000<\/td>\n<td width=\"98\">1000<\/td>\n<td width=\"73\">1950<\/td>\n<td width=\"120\"><\/td>\n<\/tr>\n<tr>\n<td width=\"132\">S912_110\/110<\/td>\n<td width=\"95\">8<\/td>\n<td width=\"84\">1100<\/td>\n<td width=\"98\">1000<\/td>\n<td width=\"73\">1950<\/td>\n<td width=\"120\"><\/td>\n<\/tr>\n<tr>\n<td width=\"132\">S912_120\/120<\/td>\n<td width=\"95\">8<\/td>\n<td width=\"84\">1200<\/td>\n<td width=\"98\">1200<\/td>\n<td width=\"73\">1950<\/td>\n<td width=\"120\"><\/td>\n<\/tr>\n<tr>\n<td width=\"132\">S912_140\/140<\/td>\n<td width=\"95\">8<\/td>\n<td width=\"84\">1400<\/td>\n<td width=\"98\">1400<\/td>\n<td width=\"73\">1950<\/td>\n<td width=\"120\"><\/td>\n<\/tr>\n<\/tbody>\n<\/table>\n<p>[\/vc_column_text][\/vc_tta_section][vc_tta_section title=&#8221;Transportverpackung&#8221; tab_id=&#8221;1674147969020-f4dcfcfa-9c00&#8243;][vc_column_text]Transport zum Zielort m\u00f6glich.[\/vc_column_text][\/vc_tta_section][\/vc_tta_accordion][\/vc_column][\/vc_row]<\/p>\n","protected":false},"excerpt":{"rendered":"<p>Eckduschwand aus Glas f\u00fcr gro\u00dfe Duschen. Eine geeignete L\u00f6sung zur Abtrennung des Duschraumes auch f\u00fcr Behinderte. Die T\u00fcr bildet eine Ecke der Kabine. Der grafische Glasdruck. Motiv der Farbl\u00f6sung kann aus einer breiten Palette standardm\u00e4\u00dfig angebotener Motive ausgew\u00e4hlt werden. Glasst\u00e4rke 8 mm, geh\u00e4rtetes Sicherheitsglas mit Chromzubeh\u00f6r.<\/p>\n","protected":false},"featured_media":19352,"template":"","meta":[],"product_cat":[187,186,185],"product_tag":[],"_links":{"self":[{"href":"https:\/\/frajt.cz\/de\/wp-json\/wp\/v2\/product\/20512"}],"collection":[{"href":"https:\/\/frajt.cz\/de\/wp-json\/wp\/v2\/product"}],"about":[{"href":"https:\/\/frajt.cz\/de\/wp-json\/wp\/v2\/types\/product"}],"wp:featuredmedia":[{"embeddable":true,"href":"https:\/\/frajt.cz\/de\/wp-json\/wp\/v2\/media\/19352"}],"wp:attachment":[{"href":"https:\/\/frajt.cz\/de\/wp-json\/wp\/v2\/media?parent=20512"}],"wp:term":[{"taxonomy":"product_cat","embeddable":true,"href":"https:\/\/frajt.cz\/de\/wp-json\/wp\/v2\/product_cat?post=20512"},{"taxonomy":"product_tag","embeddable":true,"href":"https:\/\/frajt.cz\/de\/wp-json\/wp\/v2\/product_tag?post=20512"}],"curies":[{"name":"wp","href":"https:\/\/api.w.org\/{rel}","templated":true}]}}